{"id":290,"date":"2021-10-19T09:32:45","date_gmt":"2021-10-19T07:32:45","guid":{"rendered":"https:\/\/lacafeteriaparis.fr\/?page_id=290"},"modified":"2025-11-13T11:17:57","modified_gmt":"2025-11-13T10:17:57","slug":"notre-carte","status":"publish","type":"page","link":"https:\/\/lacafeteriaparis.fr\/index.php\/notre-carte\/","title":{"rendered":"Notre carte"},"content":{"rendered":"<div class='clear'><\/div><div id='sub_menu1'  class='av-submenu-container av-mc33pfnh-898f3f407796400cf272f9d7e66fca0a main_color  avia-builder-el-0  el_before_av_button_big  avia-builder-el-first  av-sticky-submenu container_wrap sidebar_right' style='z-index:301' ><div class='container av-menu-mobile-disabled av-submenu-pos-center'><ul id=\"menu-menu\" class=\"av-subnav-menu\"><li id=\"menu-item-49\" class=\"menu-item menu-item-type-post_type menu-item-object-page menu-item-home menu-item-top-level menu-item-top-level-1\"><a href=\"https:\/\/lacafeteriaparis.fr\/\" itemprop=\"url\" role=\"menuitem\" tabindex=\"0\"><span class=\"avia-bullet\"><\/span><span class=\"avia-menu-text\">Accueil<\/span><span class=\"avia-menu-fx\"><span class=\"avia-arrow-wrap\"><span class=\"avia-arrow\"><\/span><\/span><\/span><\/a><\/li>\n<li id=\"menu-item-400\" class=\"menu-item menu-item-type-post_type menu-item-object-page menu-item-top-level menu-item-top-level-2\"><a href=\"https:\/\/lacafeteriaparis.fr\/index.php\/notre-carte\/\" itemprop=\"url\" role=\"menuitem\" tabindex=\"0\"><span class=\"avia-bullet\"><\/span><span class=\"avia-menu-text\">Notre carte<\/span><span class=\"avia-menu-fx\"><span class=\"avia-arrow-wrap\"><span class=\"avia-arrow\"><\/span><\/span><\/span><\/a><\/li>\n<li id=\"menu-item-50\" class=\"menu-item menu-item-type-post_type menu-item-object-page menu-item-top-level menu-item-top-level-3\"><a href=\"https:\/\/lacafeteriaparis.fr\/index.php\/vision\/\" itemprop=\"url\" role=\"menuitem\" tabindex=\"0\"><span class=\"avia-bullet\"><\/span><span class=\"avia-menu-text\">Qui sommes nous ?<\/span><span class=\"avia-menu-fx\"><span class=\"avia-arrow-wrap\"><span class=\"avia-arrow\"><\/span><\/span><\/span><\/a><\/li>\n<li id=\"menu-item-382\" class=\"menu-item menu-item-type-custom menu-item-object-custom menu-item-top-level menu-item-top-level-4\"><a href=\"https:\/\/www.privateaser.com\/lieu\/45865-la-cafeteria\/booking-widget\" itemprop=\"url\" role=\"menuitem\" tabindex=\"0\"><span class=\"avia-bullet\"><\/span><span class=\"avia-menu-text\">R\u00e9server<\/span><span class=\"avia-menu-fx\"><span class=\"avia-arrow-wrap\"><span class=\"avia-arrow\"><\/span><\/span><\/span><\/a><\/li>\n<\/ul><\/div><\/div><div class='sticky_placeholder'><\/div>\n<div  class='avia-button-wrap avia-button-center  avia-builder-el-1  el_after_av_submenu  el_before_av_button_big ' >\n<style type=\"text\/css\" data-created_by=\"avia_inline_auto\" id=\"style-css-av-mc4jg22r-eda4639819995d9aece3f14218c39214\">\n#top #wrap_all .avia-button.av-mc4jg22r-eda4639819995d9aece3f14218c39214:hover{\ncolor:white;\ntransition:all 0.4s ease-in-out;\n-webkit-transition:all 0.4s ease-in-out;\n-moz-transition:all 0.4s ease-in-out;\n-ms-transition:all 0.4s ease-in-out;\n-o-transition:all 0.4s ease-in-out;\n}\n<\/style>\n<a href='https:\/\/lacafeteriaparis.fr\/wp-content\/uploads\/2025\/11\/menu-francais.pdf' class='avia-color-theme-color avia-font-color-theme-color avia-button avia-button-fullwidth av-mc4jg22r-eda4639819995d9aece3f14218c39214 avia-icon_select-yes-left-icon avia-color-theme-color '  target=\"_blank\"  rel=\"noopener noreferrer\"><span class='avia_button_icon avia_button_icon_left' aria-hidden='true' data-av_icon='\ue811' data-av_iconfont='entypo-fontello'><\/span><span class='avia_iconbox_title' >Notre carte - FR<\/span><span class='avia_button_background avia-button avia-button-fullwidth avia-color-theme-color-highlight'><\/span><\/a><\/div>\n<div  class='avia-button-wrap avia-button-center  avia-builder-el-2  el_after_av_button_big  el_before_av_button_big ' >\n<style type=\"text\/css\" data-created_by=\"avia_inline_auto\" id=\"style-css-av-mc4jgtio-971acd7882a70af1583171066c9bc426\">\n#top #wrap_all .avia-button.av-mc4jgtio-971acd7882a70af1583171066c9bc426:hover{\ncolor:white;\ntransition:all 0.4s ease-in-out;\n-webkit-transition:all 0.4s ease-in-out;\n-moz-transition:all 0.4s ease-in-out;\n-ms-transition:all 0.4s ease-in-out;\n-o-transition:all 0.4s ease-in-out;\n}\n<\/style>\n<a href='https:\/\/lacafeteriaparis.fr\/wp-content\/uploads\/2025\/11\/carte-anglaise-site.pdf' class='avia-color-theme-color avia-font-color-theme-color avia-button avia-button-fullwidth av-mc4jgtio-971acd7882a70af1583171066c9bc426 avia-icon_select-yes-left-icon avia-color-theme-color '  target=\"_blank\"  rel=\"noopener noreferrer\"><span class='avia_button_icon avia_button_icon_left' aria-hidden='true' data-av_icon='\ue811' data-av_iconfont='entypo-fontello'><\/span><span class='avia_iconbox_title' >Notre carte - EN<\/span><span class='avia_button_background avia-button avia-button-fullwidth avia-color-theme-color-highlight'><\/span><\/a><\/div>\n<div  class='avia-button-wrap avia-button-center  avia-builder-el-3  el_after_av_button_big  avia-builder-el-last ' >\n<style type=\"text\/css\" data-created_by=\"avia_inline_auto\" id=\"style-css-av-mc4jhwnj-7aaca8338eb90b01d246915d6b3e58cd\">\n#top #wrap_all .avia-button.av-mc4jhwnj-7aaca8338eb90b01d246915d6b3e58cd:hover{\ncolor:white;\ntransition:all 0.4s ease-in-out;\n-webkit-transition:all 0.4s ease-in-out;\n-moz-transition:all 0.4s ease-in-out;\n-ms-transition:all 0.4s ease-in-out;\n-o-transition:all 0.4s ease-in-out;\n}\n<\/style>\n<a href='https:\/\/lacafeteriaparis.fr\/wp-content\/uploads\/2025\/11\/CARTE-HAPPY-HOUR-hiver-2526-2.pdf' class='avia-color-theme-color avia-font-color-theme-color avia-button avia-button-fullwidth av-mc4jhwnj-7aaca8338eb90b01d246915d6b3e58cd avia-icon_select-yes-left-icon avia-color-theme-color '  target=\"_blank\"  rel=\"noopener noreferrer\"><span class='avia_button_icon avia_button_icon_left' aria-hidden='true' data-av_icon='\ue807' data-av_iconfont='entypo-fontello'><\/span><span class='avia_iconbox_title' >Happy Hour<\/span><span class='avia_button_background avia-button avia-button-fullwidth avia-color-theme-color-highlight'><\/span><\/a><\/div>\n","protected":false},"excerpt":{"rendered":"","protected":false},"author":1,"featured_media":0,"parent":0,"menu_order":0,"comment_status":"closed","ping_status":"closed","template":"","meta":{"footnotes":""},"class_list":["post-290","page","type-page","status-publish","hentry"],"yoast_head":"<!-- This site is optimized with the Yoast SEO plugin v27.5 - https:\/\/yoast.com\/product\/yoast-seo-wordpress\/ -->\n<title>Notre carte - La Caf\u00e9t\u00e9ria - Restaurant<\/title>\n<meta name=\"robots\" content=\"index, follow, max-snippet:-1, max-image-preview:large, max-video-preview:-1\" \/>\n<link rel=\"canonical\" href=\"https:\/\/lacafeteriaparis.fr\/index.php\/notre-carte\/\" \/>\n<meta property=\"og:locale\" content=\"fr_FR\" \/>\n<meta property=\"og:type\" content=\"article\" \/>\n<meta property=\"og:title\" content=\"Notre carte - La Caf\u00e9t\u00e9ria - Restaurant\" \/>\n<meta property=\"og:url\" content=\"https:\/\/lacafeteriaparis.fr\/index.php\/notre-carte\/\" \/>\n<meta property=\"og:site_name\" content=\"La Caf\u00e9t\u00e9ria - Restaurant\" \/>\n<meta property=\"article:modified_time\" content=\"2025-11-13T10:17:57+00:00\" \/>\n<meta name=\"twitter:card\" content=\"summary_large_image\" \/>\n<meta name=\"twitter:label1\" content=\"Dur\u00e9e de lecture estim\u00e9e\" \/>\n\t<meta name=\"twitter:data1\" content=\"4 minutes\" \/>\n<script type=\"application\/ld+json\" class=\"yoast-schema-graph\">{\"@context\":\"https:\\\/\\\/schema.org\",\"@graph\":[{\"@type\":\"WebPage\",\"@id\":\"https:\\\/\\\/lacafeteriaparis.fr\\\/index.php\\\/notre-carte\\\/\",\"url\":\"https:\\\/\\\/lacafeteriaparis.fr\\\/index.php\\\/notre-carte\\\/\",\"name\":\"Notre carte - La Caf\u00e9t\u00e9ria - Restaurant\",\"isPartOf\":{\"@id\":\"https:\\\/\\\/lacafeteriaparis.fr\\\/#website\"},\"datePublished\":\"2021-10-19T07:32:45+00:00\",\"dateModified\":\"2025-11-13T10:17:57+00:00\",\"breadcrumb\":{\"@id\":\"https:\\\/\\\/lacafeteriaparis.fr\\\/index.php\\\/notre-carte\\\/#breadcrumb\"},\"inLanguage\":\"fr-FR\",\"potentialAction\":[{\"@type\":\"ReadAction\",\"target\":[\"https:\\\/\\\/lacafeteriaparis.fr\\\/index.php\\\/notre-carte\\\/\"]}]},{\"@type\":\"BreadcrumbList\",\"@id\":\"https:\\\/\\\/lacafeteriaparis.fr\\\/index.php\\\/notre-carte\\\/#breadcrumb\",\"itemListElement\":[{\"@type\":\"ListItem\",\"position\":1,\"name\":\"Accueil\",\"item\":\"https:\\\/\\\/lacafeteriaparis.fr\\\/\"},{\"@type\":\"ListItem\",\"position\":2,\"name\":\"Notre carte\"}]},{\"@type\":\"WebSite\",\"@id\":\"https:\\\/\\\/lacafeteriaparis.fr\\\/#website\",\"url\":\"https:\\\/\\\/lacafeteriaparis.fr\\\/\",\"name\":\"La Caf\u00e9t\u00e9ria - Restaurant\",\"description\":\"Cuisine m\u00e9diterran\u00e9enne\",\"publisher\":{\"@id\":\"https:\\\/\\\/lacafeteriaparis.fr\\\/#organization\"},\"potentialAction\":[{\"@type\":\"SearchAction\",\"target\":{\"@type\":\"EntryPoint\",\"urlTemplate\":\"https:\\\/\\\/lacafeteriaparis.fr\\\/?s={search_term_string}\"},\"query-input\":{\"@type\":\"PropertyValueSpecification\",\"valueRequired\":true,\"valueName\":\"search_term_string\"}}],\"inLanguage\":\"fr-FR\"},{\"@type\":\"Organization\",\"@id\":\"https:\\\/\\\/lacafeteriaparis.fr\\\/#organization\",\"name\":\"La Caf\u00e9t\u00e9ria\",\"url\":\"https:\\\/\\\/lacafeteriaparis.fr\\\/\",\"logo\":{\"@type\":\"ImageObject\",\"inLanguage\":\"fr-FR\",\"@id\":\"https:\\\/\\\/lacafeteriaparis.fr\\\/#\\\/schema\\\/logo\\\/image\\\/\",\"url\":\"https:\\\/\\\/i2.wp.com\\\/lacafeteriaparis.fr\\\/wp-content\\\/uploads\\\/2021\\\/05\\\/logo-la-cafeteria.png?fit=1478%2C537&ssl=1\",\"contentUrl\":\"https:\\\/\\\/i2.wp.com\\\/lacafeteriaparis.fr\\\/wp-content\\\/uploads\\\/2021\\\/05\\\/logo-la-cafeteria.png?fit=1478%2C537&ssl=1\",\"width\":1478,\"height\":537,\"caption\":\"La Caf\u00e9t\u00e9ria\"},\"image\":{\"@id\":\"https:\\\/\\\/lacafeteriaparis.fr\\\/#\\\/schema\\\/logo\\\/image\\\/\"},\"sameAs\":[\"https:\\\/\\\/www.instagram.com\\\/lacafeteria.paris\\\/\"]}]}<\/script>\n<!-- \/ Yoast SEO plugin. -->","yoast_head_json":{"title":"Notre carte - La Caf\u00e9t\u00e9ria - Restaurant","robots":{"index":"index","follow":"follow","max-snippet":"max-snippet:-1","max-image-preview":"max-image-preview:large","max-video-preview":"max-video-preview:-1"},"canonical":"https:\/\/lacafeteriaparis.fr\/index.php\/notre-carte\/","og_locale":"fr_FR","og_type":"article","og_title":"Notre carte - La Caf\u00e9t\u00e9ria - Restaurant","og_url":"https:\/\/lacafeteriaparis.fr\/index.php\/notre-carte\/","og_site_name":"La Caf\u00e9t\u00e9ria - Restaurant","article_modified_time":"2025-11-13T10:17:57+00:00","twitter_card":"summary_large_image","twitter_misc":{"Dur\u00e9e de lecture estim\u00e9e":"4 minutes"},"schema":{"@context":"https:\/\/schema.org","@graph":[{"@type":"WebPage","@id":"https:\/\/lacafeteriaparis.fr\/index.php\/notre-carte\/","url":"https:\/\/lacafeteriaparis.fr\/index.php\/notre-carte\/","name":"Notre carte - La Caf\u00e9t\u00e9ria - Restaurant","isPartOf":{"@id":"https:\/\/lacafeteriaparis.fr\/#website"},"datePublished":"2021-10-19T07:32:45+00:00","dateModified":"2025-11-13T10:17:57+00:00","breadcrumb":{"@id":"https:\/\/lacafeteriaparis.fr\/index.php\/notre-carte\/#breadcrumb"},"inLanguage":"fr-FR","potentialAction":[{"@type":"ReadAction","target":["https:\/\/lacafeteriaparis.fr\/index.php\/notre-carte\/"]}]},{"@type":"BreadcrumbList","@id":"https:\/\/lacafeteriaparis.fr\/index.php\/notre-carte\/#breadcrumb","itemListElement":[{"@type":"ListItem","position":1,"name":"Accueil","item":"https:\/\/lacafeteriaparis.fr\/"},{"@type":"ListItem","position":2,"name":"Notre carte"}]},{"@type":"WebSite","@id":"https:\/\/lacafeteriaparis.fr\/#website","url":"https:\/\/lacafeteriaparis.fr\/","name":"La Caf\u00e9t\u00e9ria - Restaurant","description":"Cuisine m\u00e9diterran\u00e9enne","publisher":{"@id":"https:\/\/lacafeteriaparis.fr\/#organization"},"potentialAction":[{"@type":"SearchAction","target":{"@type":"EntryPoint","urlTemplate":"https:\/\/lacafeteriaparis.fr\/?s={search_term_string}"},"query-input":{"@type":"PropertyValueSpecification","valueRequired":true,"valueName":"search_term_string"}}],"inLanguage":"fr-FR"},{"@type":"Organization","@id":"https:\/\/lacafeteriaparis.fr\/#organization","name":"La Caf\u00e9t\u00e9ria","url":"https:\/\/lacafeteriaparis.fr\/","logo":{"@type":"ImageObject","inLanguage":"fr-FR","@id":"https:\/\/lacafeteriaparis.fr\/#\/schema\/logo\/image\/","url":"https:\/\/i2.wp.com\/lacafeteriaparis.fr\/wp-content\/uploads\/2021\/05\/logo-la-cafeteria.png?fit=1478%2C537&ssl=1","contentUrl":"https:\/\/i2.wp.com\/lacafeteriaparis.fr\/wp-content\/uploads\/2021\/05\/logo-la-cafeteria.png?fit=1478%2C537&ssl=1","width":1478,"height":537,"caption":"La Caf\u00e9t\u00e9ria"},"image":{"@id":"https:\/\/lacafeteriaparis.fr\/#\/schema\/logo\/image\/"},"sameAs":["https:\/\/www.instagram.com\/lacafeteria.paris\/"]}]}},"jetpack-related-posts":[],"jetpack_sharing_enabled":true,"_links":{"self":[{"href":"https:\/\/lacafeteriaparis.fr\/index.php\/wp-json\/wp\/v2\/pages\/290","targetHints":{"allow":["GET"]}}],"collection":[{"href":"https:\/\/lacafeteriaparis.fr\/index.php\/wp-json\/wp\/v2\/pages"}],"about":[{"href":"https:\/\/lacafeteriaparis.fr\/index.php\/wp-json\/wp\/v2\/types\/page"}],"author":[{"embeddable":true,"href":"https:\/\/lacafeteriaparis.fr\/index.php\/wp-json\/wp\/v2\/users\/1"}],"replies":[{"embeddable":true,"href":"https:\/\/lacafeteriaparis.fr\/index.php\/wp-json\/wp\/v2\/comments?post=290"}],"version-history":[{"count":10,"href":"https:\/\/lacafeteriaparis.fr\/index.php\/wp-json\/wp\/v2\/pages\/290\/revisions"}],"predecessor-version":[{"id":408,"href":"https:\/\/lacafeteriaparis.fr\/index.php\/wp-json\/wp\/v2\/pages\/290\/revisions\/408"}],"wp:attachment":[{"href":"https:\/\/lacafeteriaparis.fr\/index.php\/wp-json\/wp\/v2\/media?parent=290"}],"curies":[{"name":"wp","href":"https:\/\/api.w.org\/{rel}","templated":true}]}}